{"id":1670,"date":"2022-11-18T17:37:38","date_gmt":"2022-11-18T17:37:38","guid":{"rendered":"https:\/\/catte-vsgp.org\/?page_id=1670"},"modified":"2026-03-02T09:09:56","modified_gmt":"2026-03-02T09:09:56","slug":"les-associations","status":"publish","type":"page","link":"https:\/\/catte-vsgp.org\/index.php\/les-associations\/","title":{"rendered":"Les associations"},"content":{"rendered":"<p>[et_pb_section fb_built=&#8221;1&#8243; admin_label=&#8221;Header&#8221; _builder_version=&#8221;4.16&#8243; _module_preset=&#8221;default&#8221; background_color=&#8221;#f5f3ee&#8221; global_colors_info=&#8221;{}&#8221;][et_pb_row column_structure=&#8221;1_2,1_2&#8243; _builder_version=&#8221;4.16&#8243; _module_preset=&#8221;default&#8221; width=&#8221;100%&#8221; global_colors_info=&#8221;{}&#8221;][et_pb_column type=&#8221;1_2&#8243; _builder_version=&#8221;4.16&#8243; _module_preset=&#8221;default&#8221; global_colors_info=&#8221;{}&#8221;][et_pb_text _builder_version=&#8221;4.17.4&#8243; _module_preset=&#8221;default&#8221; header_2_font=&#8221;DM Sans||||||||&#8221; header_2_text_color=&#8221;#093532&#8243; header_2_font_size=&#8221;50px&#8221; header_2_letter_spacing=&#8221;-0.02em&#8221; header_2_line_height=&#8221;1.15em&#8221; header_2_font_size_tablet=&#8221;32px&#8221; header_2_font_size_phone=&#8221;20px&#8221; header_2_font_size_last_edited=&#8221;on|desktop&#8221; locked=&#8221;off&#8221; global_colors_info=&#8221;{}&#8221;]<\/p>\n<h2>Les associations<\/h2>\n<p>[\/et_pb_text][et_pb_text _builder_version=&#8221;4.18.0&#8243; _module_preset=&#8221;default&#8221; text_font=&#8221;DM Sans||||||||&#8221; text_text_color=&#8221;#0F393B&#8221; text_font_size=&#8221;16px&#8221; text_line_height=&#8221;1.8em&#8221; text_font_size_tablet=&#8221;15px&#8221; text_font_size_phone=&#8221;14px&#8221; text_font_size_last_edited=&#8221;on|phone&#8221; header_font_size_tablet=&#8221;55px&#8221; header_font_size_last_edited=&#8221;off|desktop&#8221; locked=&#8221;off&#8221; global_colors_info=&#8221;{}&#8221;]<\/p>\n<p>La Coordination des Associations du Territoire pour la Transition Ecologique est constitu\u00e9e de 42 associations r\u00e9parties sur les 11 villes du Territoire Vall\u00e9e Sud Grand Paris. Pour rejoindre la CATTE, rejoignez une association pr\u00e9sente sur votre ville ou une association \u00e0 couverture plus vaste (92 &#8230;). Cela vous permettra \u00e9galement de participer aux groupes th\u00e9matiques de CATTE.<\/p>\n<p>[\/et_pb_text][et_pb_blurb title=&#8221;Antony&#8221; use_icon=&#8221;on&#8221; font_icon=&#8221;&#x4e;||divi||400&#8243; icon_color=&#8221;#ef8451&#8243; icon_placement=&#8221;left&#8221; content_max_width=&#8221;100%&#8221; _builder_version=&#8221;4.21.0&#8243; _module_preset=&#8221;default&#8221; header_font=&#8221;DM Sans|700||on|||||&#8221; header_text_color=&#8221;#093532&#8243; header_font_size=&#8221;16px&#8221; body_font=&#8221;DM Sans||||||||&#8221; body_text_color=&#8221;#6b8483&#8243; body_font_size=&#8221;16px&#8221; body_line_height=&#8221;1.6em&#8221; animation=&#8221;off&#8221; hover_enabled=&#8221;0&#8243; header_font_size_tablet=&#8221;&#8221; header_font_size_phone=&#8221;14px&#8221; header_font_size_last_edited=&#8221;on|phone&#8221; locked=&#8221;off&#8221; global_colors_info=&#8221;{}&#8221; sticky_enabled=&#8221;0&#8243;]<\/p>\n<p><a href=\"http:\/\/antonyavelo.canalblog.com\/\" target=\"_blank\" rel=\"noopener\">Antony \u00e0 V\u00e9lo<\/a><\/p>\n<p><a href=\"https:\/\/www.aspea.fr\/\" target=\"_blank\" rel=\"noopener\">Association pour la Sauvegarde du Patrimoine et de l&#8217;Environnement \u00e0 Antony<\/a><\/p>\n<p><a href=\"https:\/\/www.ville-antony.fr\/cartographie-interactive\/annuaire-des-associations\/cadre-vie\/acteurs\/apeer-association-pour-la-promotion-des-economies-energie-et-ressources\" target=\"_blank\" rel=\"noopener\"><\/a>Association Pour les Economies d&#8217;Energie et de Ressources, <a href=\"https:\/\/www.ville-antony.fr\/cartographie-interactive\/annuaire-des-associations\/cadre-vie\/acteurs\/apeer-association-pour-la-promotion-des-economies-energie-et-ressources\" target=\"_blank\" rel=\"noopener\">annuaire mairie<\/a><\/p>\n<p><a href=\"https:\/\/www.vegetarisme.fr\/lavf\/groupes-locaux\/\" target=\"_blank\" rel=\"noopener\">Association V\u00e9g\u00e9tarienne de France, 92<\/a><\/p>\n<p><a href=\"https:\/\/www.amisdelaterre.org\/groupe-local\/val-de-bievre\/\" target=\"_blank\" rel=\"noopener\">Les Amis de la Terre du Val de Bi\u00e8vre<\/a><\/p>\n<p><a href=\"https:\/\/twitter.com\/mobilites_2050\" target=\"_blank\" rel=\"noopener\"><\/a>Mobilit\u00e9s 2050 a arr\u00eat\u00e9 son activit\u00e9<\/p>\n<p>[\/et_pb_blurb][et_pb_blurb title=&#8221;Bagneux&#8221; use_icon=&#8221;on&#8221; font_icon=&#8221;&#x4e;||divi||400&#8243; icon_color=&#8221;#ef8451&#8243; icon_placement=&#8221;left&#8221; content_max_width=&#8221;100%&#8221; _builder_version=&#8221;4.19.1&#8243; _module_preset=&#8221;default&#8221; header_font=&#8221;DM Sans|700||on|||||&#8221; header_text_color=&#8221;#093532&#8243; header_font_size=&#8221;16px&#8221; body_font=&#8221;DM Sans||||||||&#8221; body_text_color=&#8221;#6b8483&#8243; body_font_size=&#8221;16px&#8221; body_line_height=&#8221;1.6em&#8221; animation=&#8221;off&#8221; header_font_size_tablet=&#8221;&#8221; header_font_size_phone=&#8221;14px&#8221; header_font_size_last_edited=&#8221;on|phone&#8221; locked=&#8221;off&#8221; global_colors_info=&#8221;{}&#8221;]<\/p>\n<p><a href=\"https:\/\/www.portedenbas.org\/\" target=\"_blank\" rel=\"noopener\">Association Environnementale Habiter la Porte d&#8217;en Bas, un Quartier, la Ville<\/a><\/p>\n<p><a href=\"https:\/\/bagneuxenvironnement.org\/\" target=\"_blank\" rel=\"noopener\">Bagneux Environnement<\/a><\/p>\n<p><a href=\"https:\/\/fne-idf.fr\/qui-sommes-nous\/le-reseau\/acces-par-departements\/hauts-de-seine\/joomlannuaire\/fiche\/136-sud-environnement\/8-hauts-de-seine\" target=\"_blank\" rel=\"noopener\">Sud Environnement<\/a><\/p>\n<p>[\/et_pb_blurb][et_pb_blurb title=&#8221;Bourg la Reine&#8221; use_icon=&#8221;on&#8221; font_icon=&#8221;&#x4e;||divi||400&#8243; icon_color=&#8221;#ef8451&#8243; icon_placement=&#8221;left&#8221; content_max_width=&#8221;100%&#8221; _builder_version=&#8221;4.21.0&#8243; _module_preset=&#8221;default&#8221; header_font=&#8221;DM Sans|700||on|||||&#8221; header_text_color=&#8221;#093532&#8243; header_font_size=&#8221;16px&#8221; body_font=&#8221;DM Sans||||||||&#8221; body_text_color=&#8221;#6b8483&#8243; body_font_size=&#8221;16px&#8221; body_line_height=&#8221;1.6em&#8221; animation=&#8221;off&#8221; hover_enabled=&#8221;0&#8243; header_font_size_tablet=&#8221;&#8221; header_font_size_phone=&#8221;14px&#8221; header_font_size_last_edited=&#8221;on|phone&#8221; locked=&#8221;off&#8221; global_colors_info=&#8221;{}&#8221; sticky_enabled=&#8221;0&#8243;]<\/p>\n<p><a href=\"https:\/\/www.bourg-la-reine-en-transition.fr\/\" target=\"_blank\" rel=\"noopener\">Bourg la Reine en Transition<\/a><\/p>\n<p>Citoyens Producteurs<\/p>\n<p>Colibris &#8211; Groupe Local Vall\u00e9e Sud 92<\/p>\n<p>Le groupe local des Colibris et les Citoyens Producteurs ont arr\u00eat\u00e9 leur activit\u00e9<\/p>\n<p>[\/et_pb_blurb][et_pb_blurb title=&#8221;Ch\u00e2tenay-Malabry&#8221; use_icon=&#8221;on&#8221; font_icon=&#8221;&#x4e;||divi||400&#8243; icon_color=&#8221;#ef8451&#8243; icon_placement=&#8221;left&#8221; content_max_width=&#8221;100%&#8221; _builder_version=&#8221;4.19.1&#8243; _module_preset=&#8221;default&#8221; header_font=&#8221;DM Sans|700||on|||||&#8221; header_text_color=&#8221;#093532&#8243; header_font_size=&#8221;16px&#8221; body_font=&#8221;DM Sans||||||||&#8221; body_text_color=&#8221;#6b8483&#8243; body_font_size=&#8221;16px&#8221; body_line_height=&#8221;1.6em&#8221; animation=&#8221;off&#8221; header_font_size_tablet=&#8221;&#8221; header_font_size_phone=&#8221;14px&#8221; header_font_size_last_edited=&#8221;on|phone&#8221; locked=&#8221;off&#8221; global_colors_info=&#8221;{}&#8221;]<\/p>\n<p><a href=\"https:\/\/leschataignesbio.wordpress.com\/\" target=\"_blank\" rel=\"noopener\">AMAP Les Ch\u00e2taignes Bio<\/a><\/p>\n<p><a href=\"https:\/\/chatenay-patrimoine-environnement.org\/\" target=\"_blank\" rel=\"noopener\">Association Ch\u00e2tenay Patrimoine Environnement<\/a><\/p>\n<p><a href=\"https:\/\/transition-ecologique-chatenay.fr\/\" target=\"_blank\" rel=\"noopener\">Transition Ecologique de Ch\u00e2tenay<\/a><\/p>\n<p><a href=\"http:\/\/mdb-idf.org\/category\/velo-chatenay\/\" target=\"_blank\" rel=\"noopener\">Un v\u00e9lo dans Ch\u00e2tenay<\/a><\/p>\n<p>[\/et_pb_blurb][et_pb_blurb title=&#8221;Ch\u00e2tillon&#8221; use_icon=&#8221;on&#8221; font_icon=&#8221;&#x4e;||divi||400&#8243; icon_color=&#8221;#ef8451&#8243; icon_placement=&#8221;left&#8221; content_max_width=&#8221;100%&#8221; _builder_version=&#8221;4.20.2&#8243; _module_preset=&#8221;default&#8221; header_font=&#8221;DM Sans|700||on|||||&#8221; header_text_color=&#8221;#093532&#8243; header_font_size=&#8221;16px&#8221; body_font=&#8221;DM Sans||||||||&#8221; body_text_color=&#8221;#6b8483&#8243; body_font_size=&#8221;16px&#8221; body_line_height=&#8221;1.6em&#8221; animation=&#8221;off&#8221; header_font_size_tablet=&#8221;&#8221; header_font_size_phone=&#8221;14px&#8221; header_font_size_last_edited=&#8221;on|phone&#8221; locked=&#8221;off&#8221; global_colors_info=&#8221;{}&#8221;]<\/p>\n<p><a href=\"https:\/\/www.agirpourleclimat.net\/\" target=\"_blank\" rel=\"noopener\">Agir pour le Climat 92<\/a><\/p>\n<p>Cadre de Vie Ch\u00e2tillon, <a href=\"cdv92320@orange.fr\">contact<\/a><\/p>\n<p><a href=\"https:\/\/www.mavilleenvert92.fr\/\" target=\"_blank\" rel=\"noopener\">Ma Ville en Vert 92<\/a><\/p>\n<p><a href=\"https:\/\/www.vpchatillon.fr\/\" target=\"_blank\" rel=\"noopener\">V\u00e9lo Pi\u00e9ton Ch\u00e2tillon<\/a><\/p>\n<p>[\/et_pb_blurb][et_pb_blurb title=&#8221;Clamart&#8221; use_icon=&#8221;on&#8221; font_icon=&#8221;&#x4e;||divi||400&#8243; icon_color=&#8221;#ef8451&#8243; icon_placement=&#8221;left&#8221; content_max_width=&#8221;100%&#8221; _builder_version=&#8221;4.19.1&#8243; _module_preset=&#8221;default&#8221; header_font=&#8221;DM Sans|700||on|||||&#8221; header_text_color=&#8221;#093532&#8243; header_font_size=&#8221;16px&#8221; body_font=&#8221;DM Sans||||||||&#8221; body_text_color=&#8221;#6b8483&#8243; body_font_size=&#8221;16px&#8221; body_line_height=&#8221;1.6em&#8221; animation=&#8221;off&#8221; header_font_size_tablet=&#8221;&#8221; header_font_size_phone=&#8221;14px&#8221; header_font_size_last_edited=&#8221;on|phone&#8221; locked=&#8221;off&#8221; global_colors_info=&#8221;{}&#8221;]<\/p>\n<p><a href=\"https:\/\/assoautclamart.wordpress.com\/\" target=\"_blank\" rel=\"noopener\">Association d&#8217;Usagers des Transports de Clamart<\/a><\/p>\n<p><a href=\"https:\/\/www.derailleursdeclamart.org\/\" target=\"_blank\" rel=\"noopener\">Les D\u00e9railleurs de Clamart<\/a><\/p>\n<p>Les Petits Pois sont Verts \u00e0 Clamart, <a href=\"https:\/\/www.clamart.fr\/fr\/annuaire-des-associations\/les-petits-pois-sont-verts-a-clamart\" target=\"_blank\" rel=\"noopener\">annuaire mairie<\/a><\/p>\n<p><a href=\"http:\/\/vivreaclamart.free.fr\/\" target=\"_blank\" rel=\"noopener\">Vivre \u00e0 Clamart<\/a><\/p>\n<p>[\/et_pb_blurb][et_pb_blurb title=&#8221;Fontenay aux Roses&#8221; use_icon=&#8221;on&#8221; font_icon=&#8221;&#x4e;||divi||400&#8243; icon_color=&#8221;#ef8451&#8243; icon_placement=&#8221;left&#8221; content_max_width=&#8221;100%&#8221; _builder_version=&#8221;4.19.1&#8243; _module_preset=&#8221;default&#8221; header_font=&#8221;DM Sans|700||on|||||&#8221; header_text_color=&#8221;#093532&#8243; header_font_size=&#8221;16px&#8221; body_font=&#8221;DM Sans||||||||&#8221; body_text_color=&#8221;#6b8483&#8243; body_font_size=&#8221;16px&#8221; body_line_height=&#8221;1.6em&#8221; animation=&#8221;off&#8221; header_font_size_tablet=&#8221;&#8221; header_font_size_phone=&#8221;14px&#8221; header_font_size_last_edited=&#8221;on|phone&#8221; locked=&#8221;off&#8221; global_colors_info=&#8221;{}&#8221;]<\/p>\n<p><a href=\"https:\/\/www.helloasso.com\/associations\/apie-irsn\" target=\"_blank\" rel=\"noopener\">Association Pour les Initiatives En faveur de l&#8217;Environnement \u00e0 l&#8217;IRSN<\/a><\/p>\n<p><a href=\"https:\/\/www.faravelo.com\/\" target=\"_blank\" rel=\"noopener\">Fontenay Aux Roses \u00e0 V\u00e9lo<\/a><\/p>\n<p>Fontenay Environnement et Transition, <a href=\"https:\/\/www.fontenay-aux-roses.fr\/745-11267\/ficheAnnu\/fontenay-environnement-et-transition-fet.htm\" target=\"_blank\" rel=\"noopener\">annuaire mairie<\/a><\/p>\n<p><a href=\"https:\/\/www.amap-lafarigoule.fr\/\" target=\"_blank\" rel=\"noopener\">La Farigoule, AMAP<\/a><\/p>\n<p>&nbsp;<\/p>\n<p>[\/et_pb_blurb][et_pb_blurb title=&#8221;Le Plessis-Robinson&#8221; use_icon=&#8221;on&#8221; font_icon=&#8221;&#x4e;||divi||400&#8243; icon_color=&#8221;#ef8451&#8243; icon_placement=&#8221;left&#8221; content_max_width=&#8221;100%&#8221; _builder_version=&#8221;4.21.0&#8243; _module_preset=&#8221;default&#8221; header_font=&#8221;DM Sans|700||on|||||&#8221; header_text_color=&#8221;#093532&#8243; header_font_size=&#8221;16px&#8221; body_font=&#8221;DM Sans||||||||&#8221; body_text_color=&#8221;#6b8483&#8243; body_font_size=&#8221;16px&#8221; body_line_height=&#8221;1.6em&#8221; animation=&#8221;off&#8221; hover_enabled=&#8221;0&#8243; header_font_size_tablet=&#8221;&#8221; header_font_size_phone=&#8221;14px&#8221; header_font_size_last_edited=&#8221;on|phone&#8221; locked=&#8221;off&#8221; global_colors_info=&#8221;{}&#8221; sticky_enabled=&#8221;0&#8243;]<\/p>\n<p>Association Protection des Lieux Expos\u00e9s au Saccage et \u00e0 la Spoliation par des Investissements Sp\u00e9culatifs<\/p>\n<p>Collectif Z\u00e9ro D\u00e9chet de Robinson, zerodechetrobinson@gmail.com<\/p>\n<p><a href=\"https:\/\/mdb-idf.org\/category\/plessis-robinson\/\" target=\"_blank\" rel=\"noopener\">Le Plessis-Robinson \u00e0 V\u00e9lo MBD<\/a><\/p>\n<p><a href=\"https:\/\/pommepersilpotiron.wordpress.com\/\" target=\"_blank\" rel=\"noopener\">Pomme Persil Potiron, AMAP<\/a><\/p>\n<p>L&#8217;association P.L.E.S.S.I.S a arr\u00eat\u00e9 son activit\u00e9<\/p>\n<p>[\/et_pb_blurb][et_pb_blurb title=&#8221;Malakoff&#8221; use_icon=&#8221;on&#8221; font_icon=&#8221;&#x4e;||divi||400&#8243; icon_color=&#8221;#ef8451&#8243; icon_placement=&#8221;left&#8221; content_max_width=&#8221;100%&#8221; _builder_version=&#8221;4.19.1&#8243; _module_preset=&#8221;default&#8221; header_font=&#8221;DM Sans|700||on|||||&#8221; header_text_color=&#8221;#093532&#8243; header_font_size=&#8221;16px&#8221; body_font=&#8221;DM Sans||||||||&#8221; body_text_color=&#8221;#6b8483&#8243; body_font_size=&#8221;16px&#8221; body_line_height=&#8221;1.6em&#8221; animation=&#8221;off&#8221; header_font_size_tablet=&#8221;&#8221; header_font_size_phone=&#8221;14px&#8221; header_font_size_last_edited=&#8221;on|phone&#8221; locked=&#8221;off&#8221; global_colors_info=&#8221;{}&#8221;]<\/p>\n<p><a href=\"http:\/\/www.dynamo-malakoff.org\/\" target=\"_blank\" rel=\"noopener\">Dynamo Malakoff<\/a><\/p>\n<p><a href=\"https:\/\/www.zerowastesgp.fr\/\" target=\"_blank\" rel=\"noopener\">Zero Waste Sud Grand Paris<\/a><\/p>\n<p>[\/et_pb_blurb][et_pb_blurb title=&#8221;Montrouge&#8221; use_icon=&#8221;on&#8221; font_icon=&#8221;&#x4e;||divi||400&#8243; icon_color=&#8221;#ef8451&#8243; icon_placement=&#8221;left&#8221; content_max_width=&#8221;100%&#8221; _builder_version=&#8221;4.19.1&#8243; _module_preset=&#8221;default&#8221; header_font=&#8221;DM Sans|700||on|||||&#8221; header_text_color=&#8221;#093532&#8243; header_font_size=&#8221;16px&#8221; body_font=&#8221;DM Sans||||||||&#8221; body_text_color=&#8221;#6b8483&#8243; body_font_size=&#8221;16px&#8221; body_line_height=&#8221;1.6em&#8221; animation=&#8221;off&#8221; header_font_size_tablet=&#8221;&#8221; header_font_size_phone=&#8221;14px&#8221; header_font_size_last_edited=&#8221;on|phone&#8221; locked=&#8221;off&#8221; global_colors_info=&#8221;{}&#8221;]<\/p>\n<p><a href=\"https:\/\/amapmontrouge.org\/\" target=\"_blank\" rel=\"noopener\">AMAP Montrouge<\/a><\/p>\n<p><a href=\"https:\/\/mdb-idf.org\/category\/nos-relais-locaux\/montrouge\/\" target=\"_blank\" rel=\"noopener\">MBD Montrouge<\/a><\/p>\n<p><a href=\"https:\/\/associations-info.fr\/W921009357\/mon-montrouge.html\" target=\"_blank\" rel=\"noopener\">Mon Montrouge<\/a><\/p>\n<p>[\/et_pb_blurb][et_pb_blurb title=&#8221;Sceaux&#8221; use_icon=&#8221;on&#8221; font_icon=&#8221;&#x4e;||divi||400&#8243; icon_color=&#8221;#ef8451&#8243; icon_placement=&#8221;left&#8221; content_max_width=&#8221;100%&#8221; _builder_version=&#8221;4.19.1&#8243; _module_preset=&#8221;default&#8221; header_font=&#8221;DM Sans|700||on|||||&#8221; header_text_color=&#8221;#093532&#8243; header_font_size=&#8221;16px&#8221; body_font=&#8221;DM Sans||||||||&#8221; body_text_color=&#8221;#6b8483&#8243; body_font_size=&#8221;16px&#8221; body_line_height=&#8221;1.6em&#8221; animation=&#8221;off&#8221; header_font_size_tablet=&#8221;&#8221; header_font_size_phone=&#8221;14px&#8221; header_font_size_last_edited=&#8221;on|phone&#8221; locked=&#8221;off&#8221; global_colors_info=&#8221;{}&#8221;]<\/p>\n<p>AMAP bio de Sceaux, <a href=\"https:\/\/www.facebook.com\/people\/Bienvenue-%C3%A0-lAMAP-bio-de-Sceaux\/100057227538916\/\" target=\"_blank\" rel=\"noopener\">facebook<\/a><\/p>\n<p>Pacte pour la Transition de Sceaux, <a href=\"https:\/\/twitter.com\/p92330\" target=\"_blank\" rel=\"noopener\">twitter<\/a><\/p>\n<p><a href=\"https:\/\/mdb-idf.org\/category\/nos-relais-locaux\/sceauxavelo\/\" target=\"_blank\" rel=\"noopener\">Sceaux \u00e0 V\u00e9lo<\/a><\/p>\n<p><a href=\"https:\/\/zen2050maintenant.org\/\" target=\"_blank\" rel=\"noopener\">Z\u00e9ro Emission Nette 2050 Maintenant<\/a><\/p>\n<p><a href=\"https:\/\/amicsceauxrobinson.wixsite.com\/monsite\" target=\"_blank\" rel=\"noopener\">Amicale Sceaux-Robinson<\/a><\/p>\n<p><a href=\"http:\/\/sceauxcoudrais.over-blog.com\/2013\/12\/l-association-sceaux-coudraies-territoire-concern%C3%A9.html\" target=\"_blank\" rel=\"noopener\">Association Sceaux-Coudraies<\/a><\/p>\n<p>[\/et_pb_blurb][\/et_pb_column][et_pb_column type=&#8221;1_2&#8243; _builder_version=&#8221;4.16&#8243; _module_preset=&#8221;default&#8221; global_colors_info=&#8221;{}&#8221;][et_pb_image src=&#8221;http:\/\/catte-vsgp.org\/wp-content\/uploads\/2022\/06\/ngo-illustration-Artboard-10.png&#8221; title_text=&#8221;ngo-illustration-Artboard 10&#8243; _builder_version=&#8221;4.16&#8243; _module_preset=&#8221;default&#8221; width=&#8221;73.3%&#8221; custom_padding=&#8221;|89px|0px|||&#8221; locked=&#8221;off&#8221; global_colors_info=&#8221;{}&#8221;][\/et_pb_image][\/et_pb_column][\/et_pb_row][\/et_pb_section][et_pb_section fb_built=&#8221;1&#8243; admin_label=&#8221;Footer&#8221; _builder_version=&#8221;4.16&#8243; _module_preset=&#8221;default&#8221; background_color=&#8221;#0f393b&#8221; custom_padding=&#8221;5vw||5vw||true|false&#8221; border_radii=&#8221;off|20px|20px||&#8221; saved_tabs=&#8221;all&#8221; locked=&#8221;off&#8221; global_colors_info=&#8221;{}&#8221;][et_pb_row _builder_version=&#8221;4.16&#8243; _module_preset=&#8221;default&#8221; global_colors_info=&#8221;{}&#8221;][et_pb_column type=&#8221;4_4&#8243; _builder_version=&#8221;4.16&#8243; _module_preset=&#8221;default&#8221; global_colors_info=&#8221;{}&#8221;][et_pb_text _builder_version=&#8221;4.16&#8243; _module_preset=&#8221;default&#8221; header_2_font=&#8221;DM Sans||||||||&#8221; header_2_text_align=&#8221;center&#8221; header_2_text_color=&#8221;#FFFFFF&#8221; header_2_font_size=&#8221;50px&#8221; header_2_letter_spacing=&#8221;-0.02em&#8221; header_2_line_height=&#8221;1.15em&#8221; max_width=&#8221;960px&#8221; module_alignment=&#8221;center&#8221; header_2_text_align_tablet=&#8221;left&#8221; header_2_text_align_phone=&#8221;&#8221; header_2_text_align_last_edited=&#8221;on|phone&#8221; header_2_font_size_tablet=&#8221;32px&#8221; header_2_font_size_phone=&#8221;20px&#8221; header_2_font_size_last_edited=&#8221;on|desktop&#8221; locked=&#8221;off&#8221; global_colors_info=&#8221;{}&#8221;]<\/p>\n<h2>Rejoignez-nous, soutenez-nous. <\/h2>\n<p>&nbsp;<\/p>\n<p>[\/et_pb_text][\/et_pb_column][\/et_pb_row][et_pb_row column_structure=&#8221;1_2,1_2&#8243; _builder_version=&#8221;4.16&#8243; _module_preset=&#8221;default&#8221; global_colors_info=&#8221;{}&#8221;][et_pb_column type=&#8221;1_2&#8243; _builder_version=&#8221;4.16&#8243; _module_preset=&#8221;default&#8221; global_colors_info=&#8221;{}&#8221;][et_pb_button button_text=&#8221;Voir nos publications&#8221; button_alignment=&#8221;right&#8221; button_alignment_tablet=&#8221;left&#8221; button_alignment_phone=&#8221;&#8221; button_alignment_last_edited=&#8221;on|tablet&#8221; _builder_version=&#8221;4.17.4&#8243; _module_preset=&#8221;default&#8221; custom_button=&#8221;on&#8221; button_text_size=&#8221;14px&#8221; button_text_color=&#8221;#FFFFFF&#8221; button_bg_color=&#8221;#ef8451&#8243; button_border_width=&#8221;0px&#8221; button_border_radius=&#8221;37px&#8221; button_font=&#8221;DM Sans|700||on|||||&#8221; custom_padding=&#8221;15px|22px|12px|22px|false|true&#8221; locked=&#8221;off&#8221; global_colors_info=&#8221;{}&#8221;][\/et_pb_button][\/et_pb_column][et_pb_column type=&#8221;1_2&#8243; _builder_version=&#8221;4.16&#8243; _module_preset=&#8221;default&#8221; global_colors_info=&#8221;{}&#8221;][et_pb_button button_text=&#8221;Nous rejoindre&#8221; _builder_version=&#8221;4.17.4&#8243; _module_preset=&#8221;default&#8221; custom_button=&#8221;on&#8221; button_text_size=&#8221;14px&#8221; button_text_color=&#8221;#ef8451&#8243; button_border_width=&#8221;1px&#8221; button_border_color=&#8221;#ef8451&#8243; button_border_radius=&#8221;37px&#8221; button_letter_spacing=&#8221;1px&#8221; button_font=&#8221;DM Sans|700||on|||||&#8221; custom_padding=&#8221;15px|24px|12px|24px|false|true&#8221; locked=&#8221;off&#8221; global_colors_info=&#8221;{}&#8221; button_text_color__hover_enabled=&#8221;on|hover&#8221; button_text_color__hover=&#8221;#FFFFFF&#8221; button_bg_color__hover_enabled=&#8221;on|hover&#8221; button_bg_color__hover=&#8221;#ef8451&#8243; button_bg_enable_color__hover=&#8221;on&#8221;][\/et_pb_button][\/et_pb_column][\/et_pb_row][\/et_pb_section]<\/p>\n","protected":false},"excerpt":{"rendered":"<p>Les associationsLa Coordination des Associations du Territoire pour la Transition Ecologique est constitu\u00e9e de 42 associations r\u00e9parties sur les 11 villes du Territoire Vall\u00e9e Sud Grand Paris. Pour rejoindre la CATTE, rejoignez une association pr\u00e9sente sur votre ville ou une association \u00e0 couverture plus vaste (92 &#8230;). Cela vous permettra \u00e9galement de participer aux groupes [&hellip;]<\/p>\n","protected":false},"author":1,"featured_media":0,"parent":0,"menu_order":0,"comment_status":"closed","ping_status":"closed","template":"","meta":{"_et_pb_use_builder":"on","_et_pb_old_content":"","_et_gb_content_width":"","_mi_skip_tracking":false,"_monsterinsights_sitenote_active":false,"_monsterinsights_sitenote_note":"","_monsterinsights_sitenote_category":0},"aioseo_notices":[],"_links":{"self":[{"href":"https:\/\/catte-vsgp.org\/index.php\/wp-json\/wp\/v2\/pages\/1670"}],"collection":[{"href":"https:\/\/catte-vsgp.org\/index.php\/wp-json\/wp\/v2\/pages"}],"about":[{"href":"https:\/\/catte-vsgp.org\/index.php\/wp-json\/wp\/v2\/types\/page"}],"author":[{"embeddable":true,"href":"https:\/\/catte-vsgp.org\/index.php\/wp-json\/wp\/v2\/users\/1"}],"replies":[{"embeddable":true,"href":"https:\/\/catte-vsgp.org\/index.php\/wp-json\/wp\/v2\/comments?post=1670"}],"version-history":[{"count":14,"href":"https:\/\/catte-vsgp.org\/index.php\/wp-json\/wp\/v2\/pages\/1670\/revisions"}],"predecessor-version":[{"id":1928,"href":"https:\/\/catte-vsgp.org\/index.php\/wp-json\/wp\/v2\/pages\/1670\/revisions\/1928"}],"wp:attachment":[{"href":"https:\/\/catte-vsgp.org\/index.php\/wp-json\/wp\/v2\/media?parent=1670"}],"curies":[{"name":"wp","href":"https:\/\/api.w.org\/{rel}","templated":true}]}}